{"id":178,"date":"2023-02-15T11:01:25","date_gmt":"2023-02-15T11:01:25","guid":{"rendered":"http:\/\/beta.agervalles.com\/?page_id=178"},"modified":"2023-03-15T10:26:19","modified_gmt":"2023-03-15T10:26:19","slug":"politica-xarxes-socials","status":"publish","type":"page","link":"https:\/\/agervalles.com\/es\/politica-xarxes-socials\/","title":{"rendered":"Pol\u00edtica Xarxes socials"},"content":{"rendered":"<div data-elementor-type=\"wp-page\" data-elementor-id=\"178\" class=\"elementor elementor-178\">\n\t\t\t\t\t\t<section class=\"elementor-section elementor-top-section elementor-element elementor-element-335afb2 elementor-section-boxed elementor-section-height-default elementor-section-height-default\" data-id=\"335afb2\" data-element_type=\"section\">\n\t\t\t\t\t\t<div class=\"elementor-container elementor-column-gap-default\">\n\t\t\t\t\t<div class=\"aux-parallax-section elementor-column elementor-col-100 elementor-top-column elementor-element elementor-element-b7090f5\" data-id=\"b7090f5\" data-element_type=\"column\">\n\t\t\t<div class=\"elementor-widget-wrap elementor-element-populated\">\n\t\t\t\t\t\t<div class=\"elementor-element elementor-element-1e66028 elementor-widget elementor-widget-text-editor\" data-id=\"1e66028\" data-element_type=\"widget\" data-widget_type=\"text-editor.default\">\n\t\t\t\t<div class=\"elementor-widget-container\">\n\t\t\t\t\t\t\t\t\t<h3><strong>Pol\u00edtica Xarxes Socials\u00a0\u00a0\u00a0\u00a0\u00a0\u00a0\u00a0\u00a0\u00a0\u00a0<\/strong><\/h3><p><strong>Ager Vall\u00e8s \u2013 Esther Mu\u00f1oz<\/strong><\/p><p><strong>Pol\u00edtica de privacitat xarxes socials<\/strong><\/p><p>En compliment de la Llei Org\u00e0nica 3\/2018 LOPD-GDD de Protecci\u00f3 de Dades Personals i garantia e Drets Digitals, Reglament Europeo 2016\/679, de protecci\u00f3 de dades de car\u00e0cter personal (RGPD) i la Llei 34\/2002, d\u201911 juliol, de Serveis de la Societat de la Informaci\u00f3 i de Comer\u00e7 Electr\u00f2nic (LSSICE), Ager Vall\u00e8s \u2013 Esther Mu\u00f1oz informa als Usuaris, que s\u2019ha procedit a crear un perfil a les xarxes socials Facebook, Twitter i Youtube amb la finalitat principal de donar informaci\u00f3 i publicitar els seus productes i serveis.<\/p><p>Ager Vall\u00e8s \u2013 Esther Mu\u00f1oz<\/p><p>Anselm Clav\u00e8, 5\u00a0 local\u00a0\u00a0 08450 \u00a0\u00a0Barcelona<\/p><p>www.agervalles.com<\/p><p>info@agervalles.com<\/p><p>L\u2019Usuari disposa d\u2019un perfil a la mateixa Xarxa Social i ha decidit unir-se a la p\u00e0gina creada per Ager Vall\u00e8s \u2013 Esther Mu\u00f1oz, mostrant aix\u00ed inter\u00e8s en la informaci\u00f3 que es publiciti a la Xarxa. En unir-se a la nostra p\u00e0gina, ens facilita el seu consentiment per al tractament de les dades personals publicades en el seu perfil.<\/p><p>\u00a0<\/p><p>L\u2019usuari pot accedir en tot moment a les pol\u00edtiques de privacitat de la pr\u00f2pia Xarxa Social, aix\u00ed com configurar el seu perfil per garantir la seva privacitat.<\/p><p>\u00a0<\/p><p>Ager Vall\u00e8s \u2013 Esther Mu\u00f1oz tracta la informaci\u00f3 p\u00fablica de l\u2019Usuari, especialment, el seu nom de contacte. Aquestes dades nom\u00e9s s\u00f3n utilitzats dins de la pr\u00f2pia Xarxa Social i no s\u00f3n incorporades a cap fitxer.<\/p><p>En relaci\u00f3 als drets d\u2019acc\u00e9s, rectificaci\u00f3, cancel\u00b7laci\u00f3 i oposici\u00f3, dels quals vost\u00e8 disposa i que poden ser exercits davant Ager Vall\u00e8s \u2013 Esther Mu\u00f1oz, ha de tenir en compte els seg\u00fcents matisos:<\/p><ul><li><u>Dret d\u2019Acc\u00e9s:\u00a0<\/u>\u00c9s el dret de l\u2019Usuari a obtenir informaci\u00f3 sobre les seves dades concretes de car\u00e0cter personal i de tractament que Ager Vall\u00e8s \u2013 Esther Mu\u00f1oz hagi realitzat o realitzi, aix\u00ed com de la informaci\u00f3 disponible sobre l\u2019origen d\u2019aquestes dades i les comunicacions realitzades o previstes dels mateixos. Aquest dret vindr\u00e0 definit per la funcionalitat de la Xarxa Social i la capacitat d\u2019acc\u00e9s a la informaci\u00f3 dels perfils dels Usuaris.<\/li><li><u>Dret de Rectificaci\u00f3:\u00a0<\/u>\u00c9s el dret de l\u2019afectat a qu\u00e8 es modifiquin les dades que resultin ser inexactes o incompletes. Nom\u00e9s podr\u00e0 satisfer-se en relaci\u00f3 a la informaci\u00f3 que es trobi sota el control de Ager Vall\u00e8s \u2013 Esther Mu\u00f1oz (Per exemple, eliminar comentaris publicats en el propi perfil). Normalment, aquest dret ha d\u2019exercir davant la Xarxa Social.<\/li><li><u>Dret de Cancel\u00b7laci\u00f3:\u00a0<\/u>\u00c9s el dret a suprimir les dades de car\u00e0cter personal de l\u2019Usuari, a excepci\u00f3 del que preveu altres lleis aplicables que determinin l\u2019obligatorietat de la conservaci\u00f3 dels mateixos, en temps i forma. Dit dret es podr\u00e0 exercir, per exemple, mitjan\u00e7ant la desvinculaci\u00f3 del perfil a qu\u00e8 es troba unit.<\/li><li><u>Dret d\u2019oposici\u00f3:\u00a0<\/u>\u00c9s el dret de l\u2019Usuari a que no es dugui a terme el tractament de les seves dades de car\u00e0cter personal o se cessi el tractament dels mateixos per part de Ager Vall\u00e8s \u2013 Esther Mu\u00f1oz Com en el dret de cancel\u00b7laci\u00f3, podr\u00e0 exercir, per exemple, mitjan\u00e7ant la desvinculaci\u00f3 del perfil a qu\u00e8 es troba unit.<\/li><\/ul><p><strong><u>.<\/u><\/strong><u>\u00a0Dret a la Limitaci\u00f3.\u00a0<\/u>L\u2019interessat pot sol\u00b7licitar l\u2019exercici del seu dret a limitar el tractament de les seves dades en els casos en qu\u00e8:<\/p><ul><li>L\u2019Interessat impugni l\u2019exactitud de les dades.<\/li><li>Quan les dades recollides no es necessitin per als fins del tractament per\u00f2 si siguin necessaris per al reconeixement, exercici o defensa d\u2019un procediment judicial.<\/li><li>Quan l\u2019Interessat s\u2019oposi a el tractament mentre es verifica si prevalen els motius leg\u00edtims del responsable del Tractament als de l\u2019Interessat.<\/li><\/ul><p><strong><u>.<\/u><\/strong><u>\u00a0Dret a la Portabilitat.\u00a0<\/u>El Interessat t\u00e9 dret a rebre les seves dades personals, per part del Responsable de Tractament a qu\u00e8 pr\u00e8viament li hagi fet lliurament dels mateixos, en un format estructurat, d\u2019\u00fas habitual i de lectura mec\u00e0nica, amb l\u2019objectiu de transmetre\u2019ls a un altre Responsable, sense que ho impedeixi el responsable de Tractament a qu\u00e8 li hagu\u00e9s facilitat les dades pr\u00e8viament. Al seu torn, l\u2019interessat en l\u2019exercici del seu dret a la portabilitat, pot sol\u00b7licitar que les seves dades es transmetin directament al Responsable a Responsable.<\/p><p><strong><u>.<\/u><\/strong><u>\u00a0Dret a la Supressi\u00f3 i a l\u2019Oblit.\u00a0<\/u>El Interessat t\u00e9 dret a la supressi\u00f3 de les seves dades personals quan:<\/p><ul><li>Aquests no siguin necessaris per al fi pel qual van ser recollides<\/li><li>Hi hagi retirat el consentiment i no hi hagi fonament jur\u00eddic que indiqui el contrari.<\/li><li>S\u2019hagi exercit el seu dret d\u2019oposici\u00f3 a el tractament de les seves dades i no prevalguin motius leg\u00edtims per a aquest tractament.<\/li><li>Les dades siguin tractades de manera l\u00edcita o hagin de suprimir-se per una obligaci\u00f3 jur\u00eddica a la qual estigui subjecte el Responsable de Tractament.<\/li><li>Les dades s\u2019hagin obtingut mitjan\u00e7ant una relaci\u00f3 amb l\u2019oferta de serveis de la Societat de la Informaci\u00f3.<\/li><\/ul><p>Per poder exercir qualsevol dels drets descrits anteriorment ha de complir els requisits seg\u00fcents:<\/p><ol><li>Presentaci\u00f3 d\u2019un escrit dirigit a Ager Vall\u00e8s \u2013 Esther Mu\u00f1oz, a l\u2019adre\u00e7a Anselm Clav\u00e8, 5, local, 08450, Barcelona o b\u00e9 per correu electr\u00f2nic a info@agervalles.com.<\/li><li>L\u2019escrit rem\u00e8s pel titular de les dades que sol\u00b7liciti l\u2019exercici ha de complir els requisits legals:<ul><li><u>Nom, cognoms de l\u2019interessat i c\u00f2pia del DNI<\/u>. En els excepcionals casos en qu\u00e8 s\u2019admeti la representaci\u00f3, ser\u00e0 tamb\u00e9 necess\u00e0ria la identificaci\u00f3 pel mateix mitj\u00e0 de la persona que el representa, aix\u00ed com el document acreditatiu de la representaci\u00f3. La fotoc\u00f2pia del DNI podr\u00e0 ser substitu\u00efda sempre que s\u2019acrediti la identitat per qualsevol altre mitj\u00e0 v\u00e0lid en dret.<\/li><li><u>Petici\u00f3 en qu\u00e8 es concreta la sol\u00b7licitud.\u00a0<\/u>Si no fa refer\u00e8ncia a un arxiu concret se li facilitar\u00e0 tota la informaci\u00f3 que es tingui amb les seves dades de car\u00e0cter personal. Si sol\u00b7licita informaci\u00f3 d\u2019un arxiu en concret, nom\u00e9s la informaci\u00f3 d\u2019aquest fitxer. Si sol\u00b7licita informaci\u00f3 relativa a un tercer mai es podr\u00e0 facilitar. Si ho sol\u00b7licita per tel\u00e8fon se li indicar\u00e0 que ho faci per escrit i se li informar\u00e0 de com ho pot fer i la direcci\u00f3 a la qual l\u2019ha de trametre.<\/li><li><u>Domicili a efectes de notificacions.<\/u><\/li><li><u>Data i signatura del signatari<\/u><\/li><\/ul><\/li><li>Documents acreditatius de la petici\u00f3 que es formula.<\/li><\/ol><ol start=\"4\"><li>L\u2019interessat ha d\u2019utilitzar qualsevol mitj\u00e0 que permeti acreditar l\u2019enviament i la recepci\u00f3 de la sol\u00b7licitud.<\/li><\/ol><p>\u00a0<\/p><p><u>Utilitzaci\u00f3 del perfil<\/u><\/p><p>Ager Vall\u00e8s \u2013 Esther Mu\u00f1oz realitzar\u00e0 les seg\u00fcents actuacions:<\/p><p>\u00a0<\/p><ul><li>Acc\u00e9s a la informaci\u00f3 p\u00fablica del perfil.<\/li><li>Publicaci\u00f3 en el perfil de l\u2019Usuari de tota aquella informaci\u00f3 ja publicada a la p\u00e0gina de Ager Vall\u00e8s \u2013 Esther Mu\u00f1oz<\/li><li>Enviar missatges personals i individuals a trav\u00e9s dels canals de la Xarxa Social.<\/li><li>Actualitzacions de l\u2019estat de la p\u00e0gina que es publicaran en el perfil de l\u2019Usuari.<\/li><\/ul><p>\u00a0<\/p><p>L\u2019usuari sempre pot controlar les seves connexions, eliminar els continguts que deixin d\u2019interessar i restringir amb qui comparteix les seves connexions; per aix\u00f2 haur\u00e0 d\u2019accedir a la seva configuraci\u00f3 de privacitat.<\/p><p>\u00a0<\/p><p><u>Publicacions\u00a0<\/u><\/p><p>L\u2019Usuari, un cop unit a la p\u00e0gina de Ager Vall\u00e8s \u2013 Esther Mu\u00f1oz, podr\u00e0 publicar en aquesta \u00faltima, comentaris, enlla\u00e7os, imatges o fotografies o qualsevol altre tipus de contingut multim\u00e8dia suportat per la Xarxa Social. L\u2019usuari, en tots els casos, ha de ser el titular dels mateixos, gaudir dels drets d\u2019autor i de propietat intel\u00b7lectual o comptar amb el consentiment dels tercers afectats. Es prohibeix expressament qualsevol publicaci\u00f3 en la p\u00e0gina, ja siguin textos, gr\u00e0fics, fotografies, v\u00eddeos, etc. que atemptin o siguin susceptibles d\u2019atemptar contra la moral, l\u2019\u00e8tica, el bon gust o el dec\u00f2rum, i \/ o que infringeixin, violin o infringeixin els drets de propietat intel\u00b7lectual o industrial, el dret a la imatge o la Llei. En aquests casos, Ager Vall\u00e8s \u2013 Esther Mu\u00f1oz es reserva el dret a retirar immediatament el contingut, podent sol\u00b7licitar el bloqueig permanent de l\u2019Usuari.<\/p><p>Ager Vall\u00e8s \u2013 Esther Mu\u00f1oz no es far\u00e0 responsable dels continguts que lliurement ha publicat un Usuari.<\/p><p>\u00a0<\/p><p>L\u2019Usuari ha de tenir present que les seves publicacions seran conegudes pels altres usuaris, de manera que aix\u00ed mateix \u00e9s el principal responsable de la seva privacitat.<\/p><p>\u00a0<\/p><p>Les imatges que es puguin publicar a la p\u00e0gina no seran enregistrades a cap fitxer per part de Ager Vall\u00e8s \u2013 Esther Mu\u00f1oz per\u00f2 s\u00ed romandran a la Xarxa Social.<\/p><p><u>Concursos i promocions<\/u><\/p><p><u>\u00a0<\/u><\/p><p>Ager Vall\u00e8s \u2013 Esther Mu\u00f1oz es reserva el dret a realitzar concursos i promocions, en els quals podr\u00e0 participar l\u2019Usuari unit a la seva p\u00e0gina. Les bases de cada un d\u2019ells, quan s\u2019utilitzi per a aix\u00f2 la plataforma de la Xarxa Social, seran publicades en la mateixa, complint sempre amb la LSSICE i amb qualsevol altra norma que li sigui d\u2019aplicaci\u00f3.<\/p><p>La Xarxa Social no patrocina, avala ni administra, de cap manera, cap de les nostres promocions, ni est\u00e0 associada a cap d\u2019elles.<\/p><p><u>Publicitat<\/u><\/p><p>Ager Vall\u00e8s \u2013 Esther Mu\u00f1oz utilitzar\u00e0 la Xarxa Social per publicitar els seus productes i serveis. En tot cas, si decideix tractar les seves dades de contacte per a realitzar accions directes de prospecci\u00f3 comercial, ser\u00e0 sempre complint amb les exig\u00e8ncies legals del RGPD i de la LSSICE.<\/p><p>No es considera publicitat el fet de recomanar a altres Usuaris la p\u00e0gina de Ager Vall\u00e8s \u2013 Esther Mu\u00f1oz que tamb\u00e9 ells puguin gaudir de les promocions o estar informats de la seva activitat.<\/p><p>A continuaci\u00f3 detallem l\u2019enlla\u00e7 a la pol\u00edtica de privacitat de les diferents Xarxes Socials:<\/p><p>Facebook:\u00a0<u>https:\/\/www.facebook.com\/help\/323540651073243<\/u><br \/>Twitter:\u00a0<u>https:\/\/twitter.com\/privacy<\/u><br \/>YouTube:\u00a0<a href=\"https:\/\/web.archive.org\/web\/20210623021012\/http:\/\/www.youtube.com\/yt\/policyandsafety\/es\/\">http:\/\/www.youtube.com\/yt\/policyandsafety\/es\/<\/a><\/p>\t\t\t\t\t\t\t\t<\/div>\n\t\t\t\t<\/div>\n\t\t\t\t\t<\/div>\n\t\t<\/div>\n\t\t\t\t\t<\/div>\n\t\t<\/section>\n\t\t\t\t<\/div>","protected":false},"excerpt":{"rendered":"<p>Pol\u00edtica Xarxes Socials\u00a0\u00a0\u00a0\u00a0\u00a0\u00a0\u00a0\u00a0\u00a0\u00a0 Ager Vall\u00e8s \u2013 Esther Mu\u00f1oz Pol\u00edtica de privacitat xarxes socials En compliment de la Llei Org\u00e0nica 3\/2018 LOPD-GDD de Protecci\u00f3 de Dades Personals i garantia e Drets Digitals, Reglament Europeo 2016\/679, de protecci\u00f3 de dades de car\u00e0cter personal (RGPD) i la Llei 34\/2002, d\u201911 juliol, de Serveis de la Societat de la [&hellip;]<\/p>","protected":false},"author":1,"featured_media":0,"parent":0,"menu_order":0,"comment_status":"closed","ping_status":"closed","template":"","meta":{"footnotes":""},"class_list":["post-178","page","type-page","status-publish","hentry"],"_links":{"self":[{"href":"https:\/\/agervalles.com\/es\/wp-json\/wp\/v2\/pages\/178","targetHints":{"allow":["GET"]}}],"collection":[{"href":"https:\/\/agervalles.com\/es\/wp-json\/wp\/v2\/pages"}],"about":[{"href":"https:\/\/agervalles.com\/es\/wp-json\/wp\/v2\/types\/page"}],"author":[{"embeddable":true,"href":"https:\/\/agervalles.com\/es\/wp-json\/wp\/v2\/users\/1"}],"replies":[{"embeddable":true,"href":"https:\/\/agervalles.com\/es\/wp-json\/wp\/v2\/comments?post=178"}],"version-history":[{"count":4,"href":"https:\/\/agervalles.com\/es\/wp-json\/wp\/v2\/pages\/178\/revisions"}],"predecessor-version":[{"id":424,"href":"https:\/\/agervalles.com\/es\/wp-json\/wp\/v2\/pages\/178\/revisions\/424"}],"wp:attachment":[{"href":"https:\/\/agervalles.com\/es\/wp-json\/wp\/v2\/media?parent=178"}],"curies":[{"name":"wp","href":"https:\/\/api.w.org\/{rel}","templated":true}]}}